{"id":17737,"date":"2019-02-08T19:22:53","date_gmt":"2019-02-08T18:22:53","guid":{"rendered":"https:\/\/www.tilmanvogler.com\/?page_id=17737"},"modified":"2019-02-08T19:29:37","modified_gmt":"2019-02-08T18:29:37","slug":"fotografo-de-bodas-berlin","status":"publish","type":"page","link":"https:\/\/www.tilmanvogler.com\/en\/fotografo-de-bodas-berlin\/","title":{"rendered":"Fot\u00f3grafo de Bodas en Berl\u00edn"},"content":{"rendered":"<h1><\/h1>\n<h1 style=\"text-align: center;\">Fotograf\u00edas aut\u00e9nticas de bodas en Berl\u00edn<\/h1>\n<hr \/>\n<h2><\/h2>\n<h2><img fetchpriority=\"high\" decoding=\"async\" class=\"aligncenter wp-image-15231 size-full\" src=\"https:\/\/www.tilmanvogler.com\/wp-content\/uploads\/2018\/11\/Hochzeitsfotograf-Tilman-Vogler-2018-13.jpg\" alt=\"Novios durante la sesi\u00f3n de fotos\" width=\"800\" height=\"534\" srcset=\"https:\/\/www.tilmanvogler.com\/wp-content\/uploads\/2018\/11\/Hochzeitsfotograf-Tilman-Vogler-2018-13.jpg 800w, https:\/\/www.tilmanvogler.com\/wp-content\/uploads\/2018\/11\/Hochzeitsfotograf-Tilman-Vogler-2018-13-300x200.jpg 300w, https:\/\/www.tilmanvogler.com\/wp-content\/uploads\/2018\/11\/Hochzeitsfotograf-Tilman-Vogler-2018-13-768x513.jpg 768w, https:\/\/www.tilmanvogler.com\/wp-content\/uploads\/2018\/11\/Hochzeitsfotograf-Tilman-Vogler-2018-13-690x461.jpg 690w, https:\/\/www.tilmanvogler.com\/wp-content\/uploads\/2018\/11\/Hochzeitsfotograf-Tilman-Vogler-2018-13-720x481.jpg 720w\" sizes=\"(max-width: 800px) 100vw, 800px\" \/><\/h2>\n<h2><\/h2>\n<h2 style=\"text-align: center;\">Bienvenidas y bienvenidos!<\/h2>\n<h2 style=\"text-align: center;\">Yo soy Tilman y trabajo como fot\u00f3grafo de bodas en Berl\u00edn. Lo que cuenta para m\u00ed son fotos aut\u00e9nticas de momentos emocionales.<\/h2>\n<h2 style=\"text-align: center;\">Como resultado todos mis clientes reciben una selecci\u00f3n de im\u00e1genes \u00fanicos, un reportaje con memorias para siempre.<\/h2>\n<p style=\"text-align: center;\">Mis fotograf\u00edas tienen un estilo documental. Significa que no voy a intervenir durante su boda. Siempre entrego reportajes enteras con una introducci\u00f3n, detalles personales y sobre todo de momentos emocionales. Antes de su fecha comunicaremos bastante para que no quede ninguna incertidumbre.<\/p>\n<p style=\"text-align: center;\">Siguiente puede ver diferentes bodas &#8211; con descripci\u00f3n en ingl\u00e9s. No duden de <a href=\"https:\/\/www.tilmanvogler.com\/en\/contact\/\">contactarme<\/a> con cualquier pregunta.<\/p>\n<div style=\"text-align: center;\">\n<p><img decoding=\"async\" class=\"alignnone size-full wp-image-15219\" src=\"https:\/\/www.tilmanvogler.com\/wp-content\/uploads\/2018\/11\/Hochzeitsfotograf-Tilman-Vogler-2018-01.jpg\" alt=\"Foto de boda en el centro de Berl\u00edn\" width=\"1200\" height=\"800\" srcset=\"https:\/\/www.tilmanvogler.com\/wp-content\/uploads\/2018\/11\/Hochzeitsfotograf-Tilman-Vogler-2018-01.jpg 800w, https:\/\/www.tilmanvogler.com\/wp-content\/uploads\/2018\/11\/Hochzeitsfotograf-Tilman-Vogler-2018-01-300x200.jpg 300w, https:\/\/www.tilmanvogler.com\/wp-content\/uploads\/2018\/11\/Hochzeitsfotograf-Tilman-Vogler-2018-01-768x512.jpg 768w, https:\/\/www.tilmanvogler.com\/wp-content\/uploads\/2018\/11\/Hochzeitsfotograf-Tilman-Vogler-2018-01-690x460.jpg 690w, https:\/\/www.tilmanvogler.com\/wp-content\/uploads\/2018\/11\/Hochzeitsfotograf-Tilman-Vogler-2018-01-720x480.jpg 720w\" sizes=\"(max-width: 1200px) 100vw, 1200px\" \/><\/p>\n<p><img decoding=\"async\" class=\"alignnone size-full wp-image-15220\" src=\"https:\/\/www.tilmanvogler.com\/wp-content\/uploads\/2018\/11\/Hochzeitsfotograf-Tilman-Vogler-2018-02.jpg\" alt=\"Foto de boda en Colonia\" width=\"1200\" height=\"800\" srcset=\"https:\/\/www.tilmanvogler.com\/wp-content\/uploads\/2018\/11\/Hochzeitsfotograf-Tilman-Vogler-2018-02.jpg 800w, https:\/\/www.tilmanvogler.com\/wp-content\/uploads\/2018\/11\/Hochzeitsfotograf-Tilman-Vogler-2018-02-300x200.jpg 300w, https:\/\/www.tilmanvogler.com\/wp-content\/uploads\/2018\/11\/Hochzeitsfotograf-Tilman-Vogler-2018-02-768x512.jpg 768w, https:\/\/www.tilmanvogler.com\/wp-content\/uploads\/2018\/11\/Hochzeitsfotograf-Tilman-Vogler-2018-02-690x460.jpg 690w, https:\/\/www.tilmanvogler.com\/wp-content\/uploads\/2018\/11\/Hochzeitsfotograf-Tilman-Vogler-2018-02-720x480.jpg 720w\" sizes=\"(max-width: 1200px) 100vw, 1200px\" \/><\/p>\n<p><img loading=\"lazy\" decoding=\"async\" class=\"alignnone size-full wp-image-15221\" src=\"https:\/\/www.tilmanvogler.com\/wp-content\/uploads\/2018\/11\/Hochzeitsfotograf-Tilman-Vogler-2018-03.jpg\" alt=\"Boda internacional en Berl\u00edn\" width=\"1200\" height=\"800\" srcset=\"https:\/\/www.tilmanvogler.com\/wp-content\/uploads\/2018\/11\/Hochzeitsfotograf-Tilman-Vogler-2018-03.jpg 800w, https:\/\/www.tilmanvogler.com\/wp-content\/uploads\/2018\/11\/Hochzeitsfotograf-Tilman-Vogler-2018-03-300x200.jpg 300w, https:\/\/www.tilmanvogler.com\/wp-content\/uploads\/2018\/11\/Hochzeitsfotograf-Tilman-Vogler-2018-03-768x512.jpg 768w, https:\/\/www.tilmanvogler.com\/wp-content\/uploads\/2018\/11\/Hochzeitsfotograf-Tilman-Vogler-2018-03-690x460.jpg 690w, https:\/\/www.tilmanvogler.com\/wp-content\/uploads\/2018\/11\/Hochzeitsfotograf-Tilman-Vogler-2018-03-720x480.jpg 720w\" sizes=\"(max-width: 1200px) 100vw, 1200px\" \/><\/p>\n<p><img loading=\"lazy\" decoding=\"async\" class=\"alignnone size-full wp-image-15222\" src=\"https:\/\/www.tilmanvogler.com\/wp-content\/uploads\/2018\/11\/Hochzeitsfotograf-Tilman-Vogler-2018-04.jpg\" alt=\"Parega enamorada\" width=\"1200\" height=\"796\" srcset=\"https:\/\/www.tilmanvogler.com\/wp-content\/uploads\/2018\/11\/Hochzeitsfotograf-Tilman-Vogler-2018-04.jpg 800w, https:\/\/www.tilmanvogler.com\/wp-content\/uploads\/2018\/11\/Hochzeitsfotograf-Tilman-Vogler-2018-04-300x199.jpg 300w, https:\/\/www.tilmanvogler.com\/wp-content\/uploads\/2018\/11\/Hochzeitsfotograf-Tilman-Vogler-2018-04-768x509.jpg 768w, https:\/\/www.tilmanvogler.com\/wp-content\/uploads\/2018\/11\/Hochzeitsfotograf-Tilman-Vogler-2018-04-690x457.jpg 690w, https:\/\/www.tilmanvogler.com\/wp-content\/uploads\/2018\/11\/Hochzeitsfotograf-Tilman-Vogler-2018-04-720x477.jpg 720w\" sizes=\"(max-width: 1200px) 100vw, 1200px\" \/><\/p>\n<p><img loading=\"lazy\" decoding=\"async\" class=\"alignnone size-full wp-image-15223\" src=\"https:\/\/www.tilmanvogler.com\/wp-content\/uploads\/2018\/11\/Hochzeitsfotograf-Tilman-Vogler-2018-05.jpg\" alt=\"Boda gay en Berl\u00edn\" width=\"1200\" height=\"800\" srcset=\"https:\/\/www.tilmanvogler.com\/wp-content\/uploads\/2018\/11\/Hochzeitsfotograf-Tilman-Vogler-2018-05.jpg 800w, https:\/\/www.tilmanvogler.com\/wp-content\/uploads\/2018\/11\/Hochzeitsfotograf-Tilman-Vogler-2018-05-300x200.jpg 300w, https:\/\/www.tilmanvogler.com\/wp-content\/uploads\/2018\/11\/Hochzeitsfotograf-Tilman-Vogler-2018-05-768x512.jpg 768w, https:\/\/www.tilmanvogler.com\/wp-content\/uploads\/2018\/11\/Hochzeitsfotograf-Tilman-Vogler-2018-05-690x460.jpg 690w, https:\/\/www.tilmanvogler.com\/wp-content\/uploads\/2018\/11\/Hochzeitsfotograf-Tilman-Vogler-2018-05-720x480.jpg 720w\" sizes=\"(max-width: 1200px) 100vw, 1200px\" \/><\/p>\n<p><img loading=\"lazy\" decoding=\"async\" class=\"alignnone size-full wp-image-15225\" src=\"https:\/\/www.tilmanvogler.com\/wp-content\/uploads\/2018\/11\/Hochzeitsfotograf-Tilman-Vogler-2018-07.jpg\" alt=\"Novios a contraluz\" width=\"1200\" height=\"800\" srcset=\"https:\/\/www.tilmanvogler.com\/wp-content\/uploads\/2018\/11\/Hochzeitsfotograf-Tilman-Vogler-2018-07.jpg 800w, https:\/\/www.tilmanvogler.com\/wp-content\/uploads\/2018\/11\/Hochzeitsfotograf-Tilman-Vogler-2018-07-300x200.jpg 300w, https:\/\/www.tilmanvogler.com\/wp-content\/uploads\/2018\/11\/Hochzeitsfotograf-Tilman-Vogler-2018-07-768x512.jpg 768w, https:\/\/www.tilmanvogler.com\/wp-content\/uploads\/2018\/11\/Hochzeitsfotograf-Tilman-Vogler-2018-07-690x460.jpg 690w, https:\/\/www.tilmanvogler.com\/wp-content\/uploads\/2018\/11\/Hochzeitsfotograf-Tilman-Vogler-2018-07-720x480.jpg 720w\" sizes=\"(max-width: 1200px) 100vw, 1200px\" \/><\/p>\n<p><img loading=\"lazy\" decoding=\"async\" class=\"alignnone size-full wp-image-15226\" src=\"https:\/\/www.tilmanvogler.com\/wp-content\/uploads\/2018\/11\/Hochzeitsfotograf-Tilman-Vogler-2018-08.jpg\" alt=\"Foto de boda en una estaci\u00f3n de ferrocariles en Berl\u00edn\" width=\"1200\" height=\"800\" srcset=\"https:\/\/www.tilmanvogler.com\/wp-content\/uploads\/2018\/11\/Hochzeitsfotograf-Tilman-Vogler-2018-08.jpg 800w, https:\/\/www.tilmanvogler.com\/wp-content\/uploads\/2018\/11\/Hochzeitsfotograf-Tilman-Vogler-2018-08-300x200.jpg 300w, https:\/\/www.tilmanvogler.com\/wp-content\/uploads\/2018\/11\/Hochzeitsfotograf-Tilman-Vogler-2018-08-768x512.jpg 768w, https:\/\/www.tilmanvogler.com\/wp-content\/uploads\/2018\/11\/Hochzeitsfotograf-Tilman-Vogler-2018-08-690x460.jpg 690w, https:\/\/www.tilmanvogler.com\/wp-content\/uploads\/2018\/11\/Hochzeitsfotograf-Tilman-Vogler-2018-08-720x480.jpg 720w\" sizes=\"(max-width: 1200px) 100vw, 1200px\" \/><\/p>\n<p><img loading=\"lazy\" decoding=\"async\" class=\"alignnone size-full wp-image-15227\" src=\"https:\/\/www.tilmanvogler.com\/wp-content\/uploads\/2018\/11\/Hochzeitsfotograf-Tilman-Vogler-2018-09.jpg\" alt=\"Pareja enamorada durante una sesi\u00f3n de fotos de compromiso \" width=\"900\" height=\"1200\" srcset=\"https:\/\/www.tilmanvogler.com\/wp-content\/uploads\/2018\/11\/Hochzeitsfotograf-Tilman-Vogler-2018-09.jpg 600w, https:\/\/www.tilmanvogler.com\/wp-content\/uploads\/2018\/11\/Hochzeitsfotograf-Tilman-Vogler-2018-09-225x300.jpg 225w, https:\/\/www.tilmanvogler.com\/wp-content\/uploads\/2018\/11\/Hochzeitsfotograf-Tilman-Vogler-2018-09-405x540.jpg 405w\" sizes=\"(max-width: 900px) 100vw, 900px\" \/><\/p>\n<p><img loading=\"lazy\" decoding=\"async\" class=\"alignnone size-full wp-image-15229\" src=\"https:\/\/www.tilmanvogler.com\/wp-content\/uploads\/2018\/11\/Hochzeitsfotograf-Tilman-Vogler-2018-11.jpg\" alt=\"Boda en Mauerpark\" width=\"1200\" height=\"800\" srcset=\"https:\/\/www.tilmanvogler.com\/wp-content\/uploads\/2018\/11\/Hochzeitsfotograf-Tilman-Vogler-2018-11.jpg 800w, https:\/\/www.tilmanvogler.com\/wp-content\/uploads\/2018\/11\/Hochzeitsfotograf-Tilman-Vogler-2018-11-300x200.jpg 300w, https:\/\/www.tilmanvogler.com\/wp-content\/uploads\/2018\/11\/Hochzeitsfotograf-Tilman-Vogler-2018-11-768x512.jpg 768w, https:\/\/www.tilmanvogler.com\/wp-content\/uploads\/2018\/11\/Hochzeitsfotograf-Tilman-Vogler-2018-11-690x460.jpg 690w, https:\/\/www.tilmanvogler.com\/wp-content\/uploads\/2018\/11\/Hochzeitsfotograf-Tilman-Vogler-2018-11-720x480.jpg 720w\" sizes=\"(max-width: 1200px) 100vw, 1200px\" \/><\/p>\n<p><img loading=\"lazy\" decoding=\"async\" class=\"alignnone size-full wp-image-15230\" src=\"https:\/\/www.tilmanvogler.com\/wp-content\/uploads\/2018\/11\/Hochzeitsfotograf-Tilman-Vogler-2018-12.jpg\" alt=\"Precioso ramo de novia\" width=\"900\" height=\"1200\" srcset=\"https:\/\/www.tilmanvogler.com\/wp-content\/uploads\/2018\/11\/Hochzeitsfotograf-Tilman-Vogler-2018-12.jpg 600w, https:\/\/www.tilmanvogler.com\/wp-content\/uploads\/2018\/11\/Hochzeitsfotograf-Tilman-Vogler-2018-12-225x300.jpg 225w, https:\/\/www.tilmanvogler.com\/wp-content\/uploads\/2018\/11\/Hochzeitsfotograf-Tilman-Vogler-2018-12-405x540.jpg 405w\" sizes=\"(max-width: 900px) 100vw, 900px\" \/><\/p>\n<p><img loading=\"lazy\" decoding=\"async\" class=\"alignnone size-full wp-image-15232\" src=\"https:\/\/www.tilmanvogler.com\/wp-content\/uploads\/2018\/11\/Hochzeitsfotograf-Tilman-Vogler-2018-14.jpg\" alt=\"Novios al lado de un lago\" width=\"1200\" height=\"800\" srcset=\"https:\/\/www.tilmanvogler.com\/wp-content\/uploads\/2018\/11\/Hochzeitsfotograf-Tilman-Vogler-2018-14.jpg 1200w, https:\/\/www.tilmanvogler.com\/wp-content\/uploads\/2018\/11\/Hochzeitsfotograf-Tilman-Vogler-2018-14-300x200.jpg 300w, https:\/\/www.tilmanvogler.com\/wp-content\/uploads\/2018\/11\/Hochzeitsfotograf-Tilman-Vogler-2018-14-768x512.jpg 768w, https:\/\/www.tilmanvogler.com\/wp-content\/uploads\/2018\/11\/Hochzeitsfotograf-Tilman-Vogler-2018-14-690x460.jpg 690w, https:\/\/www.tilmanvogler.com\/wp-content\/uploads\/2018\/11\/Hochzeitsfotograf-Tilman-Vogler-2018-14-720x480.jpg 720w\" sizes=\"(max-width: 1200px) 100vw, 1200px\" \/><\/p>\n<p><img loading=\"lazy\" decoding=\"async\" class=\"alignnone size-full wp-image-15233\" src=\"https:\/\/www.tilmanvogler.com\/wp-content\/uploads\/2018\/11\/Hochzeitsfotograf-Tilman-Vogler-2018-15.jpg\" alt=\"Foto expresiva de una boda\" width=\"1200\" height=\"800\" srcset=\"https:\/\/www.tilmanvogler.com\/wp-content\/uploads\/2018\/11\/Hochzeitsfotograf-Tilman-Vogler-2018-15.jpg 800w, https:\/\/www.tilmanvogler.com\/wp-content\/uploads\/2018\/11\/Hochzeitsfotograf-Tilman-Vogler-2018-15-300x200.jpg 300w, https:\/\/www.tilmanvogler.com\/wp-content\/uploads\/2018\/11\/Hochzeitsfotograf-Tilman-Vogler-2018-15-768x512.jpg 768w, https:\/\/www.tilmanvogler.com\/wp-content\/uploads\/2018\/11\/Hochzeitsfotograf-Tilman-Vogler-2018-15-690x460.jpg 690w, https:\/\/www.tilmanvogler.com\/wp-content\/uploads\/2018\/11\/Hochzeitsfotograf-Tilman-Vogler-2018-15-720x480.jpg 720w\" sizes=\"(max-width: 1200px) 100vw, 1200px\" \/><\/p>\n<\/div>\n<h3><\/h3>\n<p>&nbsp;<\/p>\n<div style=\"text-align: center;\">\n<h2><span style=\"color: #000000;\">Ver bodas<\/span><\/h2>\n<\/div>\n<div style=\"text-align: center;\">\n<hr \/>\n<\/div>\n<p style=\"text-align: center;\">[one_third]<\/p>\n<p style=\"text-align: center;\"><a href=\"https:\/\/www.tilmanvogler.com\/en\/2019\/02\/countryside-wedding-near-berlin\/\"><img loading=\"lazy\" decoding=\"async\" class=\"alignnone size-medium wp-image-17732\" src=\"https:\/\/www.tilmanvogler.com\/wp-content\/uploads\/2019\/02\/Tilman-Vogler-Hochzeitsfotograf-Berlin-VS-99-300x200.jpg\" alt=\"\" width=\"300\" height=\"200\" srcset=\"https:\/\/www.tilmanvogler.com\/wp-content\/uploads\/2019\/02\/Tilman-Vogler-Hochzeitsfotograf-Berlin-VS-99-300x200.jpg 300w, https:\/\/www.tilmanvogler.com\/wp-content\/uploads\/2019\/02\/Tilman-Vogler-Hochzeitsfotograf-Berlin-VS-99-768x512.jpg 768w, https:\/\/www.tilmanvogler.com\/wp-content\/uploads\/2019\/02\/Tilman-Vogler-Hochzeitsfotograf-Berlin-VS-99-690x460.jpg 690w, https:\/\/www.tilmanvogler.com\/wp-content\/uploads\/2019\/02\/Tilman-Vogler-Hochzeitsfotograf-Berlin-VS-99-720x480.jpg 720w, https:\/\/www.tilmanvogler.com\/wp-content\/uploads\/2019\/02\/Tilman-Vogler-Hochzeitsfotograf-Berlin-VS-99.jpg 900w\" sizes=\"(max-width: 300px) 100vw, 300px\" \/><\/a><\/p>\n<p style=\"text-align: center;\"><a href=\"https:\/\/www.tilmanvogler.com\/en\/2019\/02\/countryside-wedding-near-berlin\/\">Boda granero<\/a>[\/one_third][one_third]<\/p>\n<p style=\"text-align: center;\"><a href=\"https:\/\/www.tilmanvogler.com\/en\/2018\/09\/wedding-photography-at-gut-suckow\/\"><img loading=\"lazy\" decoding=\"async\" class=\"aligncenter wp-image-15248 size-medium\" src=\"https:\/\/www.tilmanvogler.com\/wp-content\/uploads\/2018\/12\/Tilman-Vogler-Hochzeitsfotograf-Uckermark-Gut-Suckow-44-32-300x200.jpg\" alt=\"\" width=\"300\" height=\"200\" srcset=\"https:\/\/www.tilmanvogler.com\/wp-content\/uploads\/2018\/12\/Tilman-Vogler-Hochzeitsfotograf-Uckermark-Gut-Suckow-44-32-300x200.jpg 300w, https:\/\/www.tilmanvogler.com\/wp-content\/uploads\/2018\/12\/Tilman-Vogler-Hochzeitsfotograf-Uckermark-Gut-Suckow-44-32-768x512.jpg 768w, https:\/\/www.tilmanvogler.com\/wp-content\/uploads\/2018\/12\/Tilman-Vogler-Hochzeitsfotograf-Uckermark-Gut-Suckow-44-32-690x460.jpg 690w, https:\/\/www.tilmanvogler.com\/wp-content\/uploads\/2018\/12\/Tilman-Vogler-Hochzeitsfotograf-Uckermark-Gut-Suckow-44-32-720x480.jpg 720w, https:\/\/www.tilmanvogler.com\/wp-content\/uploads\/2018\/12\/Tilman-Vogler-Hochzeitsfotograf-Uckermark-Gut-Suckow-44-32.jpg 900w\" sizes=\"(max-width: 300px) 100vw, 300px\" \/><\/a><\/p>\n<p style=\"text-align: center;\"><a href=\"https:\/\/www.tilmanvogler.com\/2018\/09\/hochzeit-auf-gut-suckow\/\">Boda en el campo<\/a>[\/one_third][one_third_last]<\/p>\n<p style=\"text-align: center;\"><a href=\"https:\/\/www.tilmanvogler.com\/en\/2018\/09\/german-italian-wedding-in-a-former-railway-station\/\"><img loading=\"lazy\" decoding=\"async\" class=\"aligncenter wp-image-15127 size-medium\" src=\"https:\/\/www.tilmanvogler.com\/wp-content\/uploads\/2018\/09\/Tilman-Vogler-Hochzeitsfotograf-Solingen-Kohlsberg-Steinhaus-27-300x200.jpg\" alt=\"Hochzeitsfoto vor Fachwerkhaus in Solingen\" width=\"300\" height=\"200\" srcset=\"https:\/\/www.tilmanvogler.com\/wp-content\/uploads\/2018\/09\/Tilman-Vogler-Hochzeitsfotograf-Solingen-Kohlsberg-Steinhaus-27-300x200.jpg 300w, https:\/\/www.tilmanvogler.com\/wp-content\/uploads\/2018\/09\/Tilman-Vogler-Hochzeitsfotograf-Solingen-Kohlsberg-Steinhaus-27-768x513.jpg 768w, https:\/\/www.tilmanvogler.com\/wp-content\/uploads\/2018\/09\/Tilman-Vogler-Hochzeitsfotograf-Solingen-Kohlsberg-Steinhaus-27-690x461.jpg 690w, https:\/\/www.tilmanvogler.com\/wp-content\/uploads\/2018\/09\/Tilman-Vogler-Hochzeitsfotograf-Solingen-Kohlsberg-Steinhaus-27-720x481.jpg 720w, https:\/\/www.tilmanvogler.com\/wp-content\/uploads\/2018\/09\/Tilman-Vogler-Hochzeitsfotograf-Solingen-Kohlsberg-Steinhaus-27.jpg 900w\" sizes=\"(max-width: 300px) 100vw, 300px\" \/><\/a><\/p>\n<p style=\"text-align: center;\"><a href=\"https:\/\/www.tilmanvogler.com\/2018\/09\/hochzeit-im-steinhaus-solingen\/\">Boda en una estaci\u00f3n de ferrocarriles inactiva<\/a>[\/one_third_last][one_third]<\/p>\n<p style=\"text-align: center;\"><a href=\"https:\/\/www.tilmanvogler.com\/en\/2018\/08\/lake-wedding-near-berlin\/\"><img loading=\"lazy\" decoding=\"async\" class=\"aligncenter wp-image-14867 size-medium\" src=\"https:\/\/www.tilmanvogler.com\/wp-content\/uploads\/2018\/08\/Tilman-Vogler-Hochzeitsfotograf-Berlin-Cafe-Wildau-COVER-300x200.jpg\" alt=\"Hochzeitspaar im Caf\u00e9 Wildau am Werbellinsee\" width=\"300\" height=\"200\" srcset=\"https:\/\/www.tilmanvogler.com\/wp-content\/uploads\/2018\/08\/Tilman-Vogler-Hochzeitsfotograf-Berlin-Cafe-Wildau-COVER-300x200.jpg 300w, https:\/\/www.tilmanvogler.com\/wp-content\/uploads\/2018\/08\/Tilman-Vogler-Hochzeitsfotograf-Berlin-Cafe-Wildau-COVER-768x512.jpg 768w, https:\/\/www.tilmanvogler.com\/wp-content\/uploads\/2018\/08\/Tilman-Vogler-Hochzeitsfotograf-Berlin-Cafe-Wildau-COVER-690x460.jpg 690w, https:\/\/www.tilmanvogler.com\/wp-content\/uploads\/2018\/08\/Tilman-Vogler-Hochzeitsfotograf-Berlin-Cafe-Wildau-COVER-720x480.jpg 720w, https:\/\/www.tilmanvogler.com\/wp-content\/uploads\/2018\/08\/Tilman-Vogler-Hochzeitsfotograf-Berlin-Cafe-Wildau-COVER.jpg 900w\" sizes=\"(max-width: 300px) 100vw, 300px\" \/><\/a><\/p>\n<p style=\"text-align: center;\"><a href=\"https:\/\/www.tilmanvogler.com\/2018\/08\/hochzeitsfotograf-werbellinsee-cafe-wildau\/\">Boda al lado de una lago<\/a>[\/one_third][one_third]<\/p>\n<p style=\"text-align: center;\"><a href=\"https:\/\/www.tilmanvogler.com\/en\/2018\/07\/couple-portraits-at-the-beach\/\"><img loading=\"lazy\" decoding=\"async\" class=\"aligncenter wp-image-14868 size-medium\" src=\"https:\/\/www.tilmanvogler.com\/wp-content\/uploads\/2018\/08\/Tilman-Vogler-Hochzeitsfotograf-Berlin-Solingen-Engagement-Shooting-Adelaide-COVER-300x200.jpg\" alt=\"Umschlungenes Liebespaar am Strand\" width=\"300\" height=\"200\" srcset=\"https:\/\/www.tilmanvogler.com\/wp-content\/uploads\/2018\/08\/Tilman-Vogler-Hochzeitsfotograf-Berlin-Solingen-Engagement-Shooting-Adelaide-COVER-300x200.jpg 300w, https:\/\/www.tilmanvogler.com\/wp-content\/uploads\/2018\/08\/Tilman-Vogler-Hochzeitsfotograf-Berlin-Solingen-Engagement-Shooting-Adelaide-COVER-768x512.jpg 768w, https:\/\/www.tilmanvogler.com\/wp-content\/uploads\/2018\/08\/Tilman-Vogler-Hochzeitsfotograf-Berlin-Solingen-Engagement-Shooting-Adelaide-COVER-690x460.jpg 690w, https:\/\/www.tilmanvogler.com\/wp-content\/uploads\/2018\/08\/Tilman-Vogler-Hochzeitsfotograf-Berlin-Solingen-Engagement-Shooting-Adelaide-COVER-720x480.jpg 720w, https:\/\/www.tilmanvogler.com\/wp-content\/uploads\/2018\/08\/Tilman-Vogler-Hochzeitsfotograf-Berlin-Solingen-Engagement-Shooting-Adelaide-COVER.jpg 900w\" sizes=\"(max-width: 300px) 100vw, 300px\" \/><\/a><\/p>\n<p style=\"text-align: center;\"><a href=\"https:\/\/www.tilmanvogler.com\/2018\/07\/paarfotos-am-meer\/\">Sesi\u00f3n de fotos de compromiso<\/a>[\/one_third][one_third_last]<\/p>\n<p style=\"text-align: center;\"><a href=\"https:\/\/www.tilmanvogler.com\/en\/2017\/09\/wedding-photos-in-the-heart-of-berlin\/\"><img loading=\"lazy\" decoding=\"async\" class=\"aligncenter wp-image-4048 size-medium\" src=\"https:\/\/www.tilmanvogler.com\/wp-content\/uploads\/2013\/12\/Hochzeitsfotograf-Berlin-Solingen-Tilman-Vogler-23-300x200.jpg\" alt=\"Hochzeitsfoto Mauerpark Berlin\" width=\"300\" height=\"200\" srcset=\"https:\/\/www.tilmanvogler.com\/wp-content\/uploads\/2013\/12\/Hochzeitsfotograf-Berlin-Solingen-Tilman-Vogler-23-300x200.jpg 300w, https:\/\/www.tilmanvogler.com\/wp-content\/uploads\/2013\/12\/Hochzeitsfotograf-Berlin-Solingen-Tilman-Vogler-23-768x512.jpg 768w, https:\/\/www.tilmanvogler.com\/wp-content\/uploads\/2013\/12\/Hochzeitsfotograf-Berlin-Solingen-Tilman-Vogler-23-690x460.jpg 690w, https:\/\/www.tilmanvogler.com\/wp-content\/uploads\/2013\/12\/Hochzeitsfotograf-Berlin-Solingen-Tilman-Vogler-23-720x480.jpg 720w, https:\/\/www.tilmanvogler.com\/wp-content\/uploads\/2013\/12\/Hochzeitsfotograf-Berlin-Solingen-Tilman-Vogler-23.jpg 900w\" sizes=\"(max-width: 300px) 100vw, 300px\" \/><\/a><\/p>\n<p style=\"text-align: center;\"><a href=\"https:\/\/www.tilmanvogler.com\/2017\/09\/hochzeitsfotos-im-mauerpark-prenzlauer-berg\/\">Boda internacional en Berl\u00edn<\/a> [\/one_third_last][one_third]<\/p>\n<p style=\"text-align: center;\"><a href=\"https:\/\/www.tilmanvogler.com\/en\/2017\/12\/garden-wedding-in-berlin\/\"><img loading=\"lazy\" decoding=\"async\" class=\"aligncenter wp-image-4621 size-medium\" src=\"https:\/\/www.tilmanvogler.com\/wp-content\/uploads\/2013\/12\/Hochzeitsfotograf-Berlin-Solingen-Tilman-Vogler-30-300x200.jpg\" alt=\"Foto Inspiration Gartenhochzeit\" width=\"300\" height=\"200\" srcset=\"https:\/\/www.tilmanvogler.com\/wp-content\/uploads\/2013\/12\/Hochzeitsfotograf-Berlin-Solingen-Tilman-Vogler-30-300x200.jpg 300w, https:\/\/www.tilmanvogler.com\/wp-content\/uploads\/2013\/12\/Hochzeitsfotograf-Berlin-Solingen-Tilman-Vogler-30-768x513.jpg 768w, https:\/\/www.tilmanvogler.com\/wp-content\/uploads\/2013\/12\/Hochzeitsfotograf-Berlin-Solingen-Tilman-Vogler-30-690x461.jpg 690w, https:\/\/www.tilmanvogler.com\/wp-content\/uploads\/2013\/12\/Hochzeitsfotograf-Berlin-Solingen-Tilman-Vogler-30-720x481.jpg 720w, https:\/\/www.tilmanvogler.com\/wp-content\/uploads\/2013\/12\/Hochzeitsfotograf-Berlin-Solingen-Tilman-Vogler-30.jpg 900w\" sizes=\"(max-width: 300px) 100vw, 300px\" \/><\/a><\/p>\n<p style=\"text-align: center;\"><a href=\"https:\/\/www.tilmanvogler.com\/2017\/12\/hochzeitsreportage-gartenhochzeit-berlin-neukoelln\/\">Boda en jard\u00edn en Berl\u00edn<\/a>[\/one_third][one_third]<\/p>\n<p style=\"text-align: center;\"><a href=\"https:\/\/www.tilmanvogler.com\/en\/2017\/07\/white-wedding-in-australia\/\"><img loading=\"lazy\" decoding=\"async\" class=\"aligncenter wp-image-4170 size-medium\" src=\"https:\/\/www.tilmanvogler.com\/wp-content\/uploads\/2017\/07\/Tilman-Vogler-Wedding-Photographer-Adelaide-Berlin-Barossa-Valley-Yalumba-53-300x200.jpg\" alt=\"married couple walking down the aisle\" width=\"300\" height=\"200\" srcset=\"https:\/\/www.tilmanvogler.com\/wp-content\/uploads\/2017\/07\/Tilman-Vogler-Wedding-Photographer-Adelaide-Berlin-Barossa-Valley-Yalumba-53-300x200.jpg 300w, https:\/\/www.tilmanvogler.com\/wp-content\/uploads\/2017\/07\/Tilman-Vogler-Wedding-Photographer-Adelaide-Berlin-Barossa-Valley-Yalumba-53-690x460.jpg 690w, https:\/\/www.tilmanvogler.com\/wp-content\/uploads\/2017\/07\/Tilman-Vogler-Wedding-Photographer-Adelaide-Berlin-Barossa-Valley-Yalumba-53-720x480.jpg 720w, https:\/\/www.tilmanvogler.com\/wp-content\/uploads\/2017\/07\/Tilman-Vogler-Wedding-Photographer-Adelaide-Berlin-Barossa-Valley-Yalumba-53.jpg 760w\" sizes=\"(max-width: 300px) 100vw, 300px\" \/><\/a><\/p>\n<p style=\"text-align: center;\"><a href=\"https:\/\/www.tilmanvogler.com\/2017\/07\/hochzeit-in-weiss\/\">Boda vin\u00edcola en Australia<\/a>[\/one_third][one_third_last]<\/p>\n<p><img loading=\"lazy\" decoding=\"async\" class=\"size-medium wp-image-15893 aligncenter\" src=\"https:\/\/www.tilmanvogler.com\/wp-content\/uploads\/2015\/12\/Joerg-Sascha-Berlin-Hochzeitsfotograf-Gay-Wedding-Panam-Lounge-Tilman-Vogler_26-300x200.jpg\" alt=\"\" width=\"300\" height=\"200\" srcset=\"https:\/\/www.tilmanvogler.com\/wp-content\/uploads\/2015\/12\/Joerg-Sascha-Berlin-Hochzeitsfotograf-Gay-Wedding-Panam-Lounge-Tilman-Vogler_26-300x200.jpg 300w, https:\/\/www.tilmanvogler.com\/wp-content\/uploads\/2015\/12\/Joerg-Sascha-Berlin-Hochzeitsfotograf-Gay-Wedding-Panam-Lounge-Tilman-Vogler_26-690x459.jpg 690w, https:\/\/www.tilmanvogler.com\/wp-content\/uploads\/2015\/12\/Joerg-Sascha-Berlin-Hochzeitsfotograf-Gay-Wedding-Panam-Lounge-Tilman-Vogler_26-720x479.jpg 720w, https:\/\/www.tilmanvogler.com\/wp-content\/uploads\/2015\/12\/Joerg-Sascha-Berlin-Hochzeitsfotograf-Gay-Wedding-Panam-Lounge-Tilman-Vogler_26.jpg 760w\" sizes=\"(max-width: 300px) 100vw, 300px\" \/><\/p>\n<p style=\"text-align: center;\"><a href=\"https:\/\/www.tilmanvogler.com\/en\/2016\/01\/a-summer-wedding-in-berlins-west\/\">Boda gay en Berl\u00edn<\/a>[\/one_third_last]<\/p>\n<p>&nbsp;<\/p>\n<h2 style=\"text-align: center;\"><span style=\"color: #000000;\">Publicado en<\/span><\/h2>\n<hr \/>\n<p style=\"text-align: center;\">[one_fourth]<a href=\"http:\/\/weddingstyle.de\/entspannte-gartenhochzeit\/\"><img loading=\"lazy\" decoding=\"async\" class=\"aligncenter wp-image-3236 size-full\" src=\"https:\/\/www.tilmanvogler.com\/wp-content\/uploads\/2016\/05\/badge_weddingstyle.jpg\" alt=\"Authentische Hochzeitsfotografie\" width=\"146\" height=\"146\" \/><\/a>[\/one_fourth][one_fourth]<img loading=\"lazy\" decoding=\"async\" class=\"aligncenter wp-image-3477\" src=\"https:\/\/www.tilmanvogler.com\/wp-content\/uploads\/2013\/11\/Hochzeitswahn_yellow-e1484614140892.png\" alt=\"Hochzeitsfotograf Brandenburg\" width=\"146\" height=\"146\" \/>[\/one_fourth][one_fourth]<img loading=\"lazy\" decoding=\"async\" class=\"aligncenter wp-image-3892\" src=\"https:\/\/www.tilmanvogler.com\/wp-content\/uploads\/2013\/11\/foreverly_grau_150px.png\" alt=\"\" width=\"146\" height=\"146\" \/>[\/one_fourth][one_fourth_last]<img loading=\"lazy\" decoding=\"async\" class=\"aligncenter wp-image-3235\" src=\"https:\/\/www.tilmanvogler.com\/wp-content\/uploads\/2016\/05\/badge_zankyou.png\" alt=\"Hochzeitsfotograf K\u00f6ln\" width=\"146\" height=\"146\" \/>[\/one_fourth_last]<\/p>\n<div style=\"text-align: center;\"><\/div>\n<p>&nbsp;<\/p>\n","protected":false},"excerpt":{"rendered":"<p>Fotograf\u00edas aut\u00e9nticas de bodas en Berl\u00edn Bienvenidas y bienvenidos! Yo soy Tilman y trabajo como fot\u00f3grafo de bodas en Berl\u00edn. Lo que cuenta para m\u00ed son fotos aut\u00e9nticas de momentos emocionales. Como resultado todos mis clientes reciben una selecci\u00f3n de im\u00e1genes \u00fanicos, un reportaje con memorias para siempre. Mis fotograf\u00edas tienen un estilo documental. Significa [&hellip;]<\/p>\n","protected":false},"author":1,"featured_media":0,"parent":0,"menu_order":0,"comment_status":"closed","ping_status":"closed","template":"","meta":{"footnotes":""},"class_list":["post-17737","page","type-page","status-publish","hentry"],"yoast_head":"<!-- This site is optimized with the Yoast SEO plugin v27.5 - https:\/\/yoast.com\/product\/yoast-seo-wordpress\/ -->\n<title>Fot\u00f3grafo de bodas Berlin - Reportajes de boda - Tilman Vogler<\/title>\n<meta name=\"description\" content=\"Fot\u00f3grafo de bodas en Berl\u00edn. En selecciones de fotos aut\u00e9nticas y emocionales cuento la historia de parejas durante su d\u00eda de boda.\" \/>\n<meta name=\"robots\" content=\"index, follow, max-snippet:-1, max-image-preview:large, max-video-preview:-1\" \/>\n<link rel=\"canonical\" href=\"https:\/\/www.tilmanvogler.com\/en\/fotografo-de-bodas-berlin\/\" \/>\n<meta name=\"twitter:label1\" content=\"Est. reading time\" \/>\n\t<meta name=\"twitter:data1\" content=\"1 minute\" \/>\n<script type=\"application\/ld+json\" class=\"yoast-schema-graph\">{\"@context\":\"https:\\\/\\\/schema.org\",\"@graph\":[{\"@type\":\"WebPage\",\"@id\":\"https:\\\/\\\/www.tilmanvogler.com\\\/en\\\/fotografo-de-bodas-berlin\\\/\",\"url\":\"https:\\\/\\\/www.tilmanvogler.com\\\/en\\\/fotografo-de-bodas-berlin\\\/\",\"name\":\"Fot\u00f3grafo de bodas Berlin - Reportajes de boda - Tilman Vogler\",\"isPartOf\":{\"@id\":\"https:\\\/\\\/www.tilmanvogler.com\\\/en\\\/#website\"},\"primaryImageOfPage\":{\"@id\":\"https:\\\/\\\/www.tilmanvogler.com\\\/en\\\/fotografo-de-bodas-berlin\\\/#primaryimage\"},\"image\":{\"@id\":\"https:\\\/\\\/www.tilmanvogler.com\\\/en\\\/fotografo-de-bodas-berlin\\\/#primaryimage\"},\"thumbnailUrl\":\"https:\\\/\\\/www.tilmanvogler.com\\\/wp-content\\\/uploads\\\/2018\\\/11\\\/Hochzeitsfotograf-Tilman-Vogler-2018-13.jpg\",\"datePublished\":\"2019-02-08T18:22:53+00:00\",\"dateModified\":\"2019-02-08T18:29:37+00:00\",\"description\":\"Fot\u00f3grafo de bodas en Berl\u00edn. En selecciones de fotos aut\u00e9nticas y emocionales cuento la historia de parejas durante su d\u00eda de boda.\",\"breadcrumb\":{\"@id\":\"https:\\\/\\\/www.tilmanvogler.com\\\/en\\\/fotografo-de-bodas-berlin\\\/#breadcrumb\"},\"inLanguage\":\"en-US\",\"potentialAction\":[{\"@type\":\"ReadAction\",\"target\":[\"https:\\\/\\\/www.tilmanvogler.com\\\/en\\\/fotografo-de-bodas-berlin\\\/\"]}]},{\"@type\":\"ImageObject\",\"inLanguage\":\"en-US\",\"@id\":\"https:\\\/\\\/www.tilmanvogler.com\\\/en\\\/fotografo-de-bodas-berlin\\\/#primaryimage\",\"url\":\"https:\\\/\\\/www.tilmanvogler.com\\\/wp-content\\\/uploads\\\/2018\\\/11\\\/Hochzeitsfotograf-Tilman-Vogler-2018-13.jpg\",\"contentUrl\":\"https:\\\/\\\/www.tilmanvogler.com\\\/wp-content\\\/uploads\\\/2018\\\/11\\\/Hochzeitsfotograf-Tilman-Vogler-2018-13.jpg\"},{\"@type\":\"BreadcrumbList\",\"@id\":\"https:\\\/\\\/www.tilmanvogler.com\\\/en\\\/fotografo-de-bodas-berlin\\\/#breadcrumb\",\"itemListElement\":[{\"@type\":\"ListItem\",\"position\":1,\"name\":\"Home\",\"item\":\"https:\\\/\\\/www.tilmanvogler.com\\\/en\\\/\"},{\"@type\":\"ListItem\",\"position\":2,\"name\":\"Fot\u00f3grafo de Bodas en Berl\u00edn\"}]},{\"@type\":\"WebSite\",\"@id\":\"https:\\\/\\\/www.tilmanvogler.com\\\/en\\\/#website\",\"url\":\"https:\\\/\\\/www.tilmanvogler.com\\\/en\\\/\",\"name\":\"Tilman Vogler Fotografie\",\"description\":\"Hochzeitsfotograf Berlin, Familienfotografie\",\"potentialAction\":[{\"@type\":\"SearchAction\",\"target\":{\"@type\":\"EntryPoint\",\"urlTemplate\":\"https:\\\/\\\/www.tilmanvogler.com\\\/en\\\/?s={search_term_string}\"},\"query-input\":{\"@type\":\"PropertyValueSpecification\",\"valueRequired\":true,\"valueName\":\"search_term_string\"}}],\"inLanguage\":\"en-US\"}]}<\/script>\n<!-- \/ Yoast SEO plugin. -->","yoast_head_json":{"title":"Fot\u00f3grafo de bodas Berlin - Reportajes de boda - Tilman Vogler","description":"Fot\u00f3grafo de bodas en Berl\u00edn. En selecciones de fotos aut\u00e9nticas y emocionales cuento la historia de parejas durante su d\u00eda de boda.","robots":{"index":"index","follow":"follow","max-snippet":"max-snippet:-1","max-image-preview":"max-image-preview:large","max-video-preview":"max-video-preview:-1"},"canonical":"https:\/\/www.tilmanvogler.com\/en\/fotografo-de-bodas-berlin\/","twitter_misc":{"Est. reading time":"1 minute"},"schema":{"@context":"https:\/\/schema.org","@graph":[{"@type":"WebPage","@id":"https:\/\/www.tilmanvogler.com\/en\/fotografo-de-bodas-berlin\/","url":"https:\/\/www.tilmanvogler.com\/en\/fotografo-de-bodas-berlin\/","name":"Fot\u00f3grafo de bodas Berlin - Reportajes de boda - Tilman Vogler","isPartOf":{"@id":"https:\/\/www.tilmanvogler.com\/en\/#website"},"primaryImageOfPage":{"@id":"https:\/\/www.tilmanvogler.com\/en\/fotografo-de-bodas-berlin\/#primaryimage"},"image":{"@id":"https:\/\/www.tilmanvogler.com\/en\/fotografo-de-bodas-berlin\/#primaryimage"},"thumbnailUrl":"https:\/\/www.tilmanvogler.com\/wp-content\/uploads\/2018\/11\/Hochzeitsfotograf-Tilman-Vogler-2018-13.jpg","datePublished":"2019-02-08T18:22:53+00:00","dateModified":"2019-02-08T18:29:37+00:00","description":"Fot\u00f3grafo de bodas en Berl\u00edn. En selecciones de fotos aut\u00e9nticas y emocionales cuento la historia de parejas durante su d\u00eda de boda.","breadcrumb":{"@id":"https:\/\/www.tilmanvogler.com\/en\/fotografo-de-bodas-berlin\/#breadcrumb"},"inLanguage":"en-US","potentialAction":[{"@type":"ReadAction","target":["https:\/\/www.tilmanvogler.com\/en\/fotografo-de-bodas-berlin\/"]}]},{"@type":"ImageObject","inLanguage":"en-US","@id":"https:\/\/www.tilmanvogler.com\/en\/fotografo-de-bodas-berlin\/#primaryimage","url":"https:\/\/www.tilmanvogler.com\/wp-content\/uploads\/2018\/11\/Hochzeitsfotograf-Tilman-Vogler-2018-13.jpg","contentUrl":"https:\/\/www.tilmanvogler.com\/wp-content\/uploads\/2018\/11\/Hochzeitsfotograf-Tilman-Vogler-2018-13.jpg"},{"@type":"BreadcrumbList","@id":"https:\/\/www.tilmanvogler.com\/en\/fotografo-de-bodas-berlin\/#breadcrumb","itemListElement":[{"@type":"ListItem","position":1,"name":"Home","item":"https:\/\/www.tilmanvogler.com\/en\/"},{"@type":"ListItem","position":2,"name":"Fot\u00f3grafo de Bodas en Berl\u00edn"}]},{"@type":"WebSite","@id":"https:\/\/www.tilmanvogler.com\/en\/#website","url":"https:\/\/www.tilmanvogler.com\/en\/","name":"Tilman Vogler Fotografie","description":"Hochzeitsfotograf Berlin, Familienfotografie","potentialAction":[{"@type":"SearchAction","target":{"@type":"EntryPoint","urlTemplate":"https:\/\/www.tilmanvogler.com\/en\/?s={search_term_string}"},"query-input":{"@type":"PropertyValueSpecification","valueRequired":true,"valueName":"search_term_string"}}],"inLanguage":"en-US"}]}},"_links":{"self":[{"href":"https:\/\/www.tilmanvogler.com\/en\/wp-json\/wp\/v2\/pages\/17737","targetHints":{"allow":["GET"]}}],"collection":[{"href":"https:\/\/www.tilmanvogler.com\/en\/wp-json\/wp\/v2\/pages"}],"about":[{"href":"https:\/\/www.tilmanvogler.com\/en\/wp-json\/wp\/v2\/types\/page"}],"author":[{"embeddable":true,"href":"https:\/\/www.tilmanvogler.com\/en\/wp-json\/wp\/v2\/users\/1"}],"replies":[{"embeddable":true,"href":"https:\/\/www.tilmanvogler.com\/en\/wp-json\/wp\/v2\/comments?post=17737"}],"version-history":[{"count":15,"href":"https:\/\/www.tilmanvogler.com\/en\/wp-json\/wp\/v2\/pages\/17737\/revisions"}],"predecessor-version":[{"id":17754,"href":"https:\/\/www.tilmanvogler.com\/en\/wp-json\/wp\/v2\/pages\/17737\/revisions\/17754"}],"wp:attachment":[{"href":"https:\/\/www.tilmanvogler.com\/en\/wp-json\/wp\/v2\/media?parent=17737"}],"curies":[{"name":"wp","href":"https:\/\/api.w.org\/{rel}","templated":true}]}}